{"id":3108,"date":"2020-04-24T09:50:09","date_gmt":"2020-04-24T08:50:09","guid":{"rendered":"https:\/\/www.mycanyon.fr\/?page_id=3108"},"modified":"2023-02-03T19:36:28","modified_gmt":"2023-02-03T18:36:28","slug":"partenaire-my-canyon-lac-annecy","status":"publish","type":"page","link":"https:\/\/www.mycanyon.fr\/en\/partenaire-my-canyon-lac-annecy\/","title":{"rendered":"Partenaires de My Canyon au lac d&rsquo;Annecy"},"content":{"rendered":"<div id=\"pl-3108\"  class=\"panel-layout\" ><div id=\"pg-3108-0\"  class=\"panel-grid panel-no-style\" ><div id=\"pgc-3108-0-0\"  class=\"panel-grid-cell\" ><div id=\"panel-3108-0-0-0\" class=\"so-panel widget widget_sow-editor panel-first-child panel-last-child\" data-index=\"0\" ><div\n\t\t\t\n\t\t\tclass=\"so-widget-sow-editor so-widget-sow-editor-base\"\n\t\t\t\n\t\t><h3 class=\"widget-title\">D\u00e9couvrez toutes les entreprises partenaires de My Canyon !  <\/h3>\n<div class=\"siteorigin-widget-tinymce textwidget\">\n\t<h2>Tout d'abord, un grand \"Merci\" \u00e0 tous mes partenaires pour votre soutien dans mes projets !<\/h2>\n<\/div>\n<\/div><\/div><\/div><\/div><div id=\"pg-3108-1\"  class=\"panel-grid panel-no-style\" ><div id=\"pgc-3108-1-0\"  class=\"panel-grid-cell\" ><div id=\"panel-3108-1-0-0\" class=\"so-panel widget widget_sow-editor panel-first-child\" data-index=\"1\" ><div\n\t\t\t\n\t\t\tclass=\"so-widget-sow-editor so-widget-sow-editor-base\"\n\t\t\t\n\t\t>\n<div class=\"siteorigin-widget-tinymce textwidget\">\n\t<h3 style=\"text-align: justify;\">Le site de <a href=\"http:\/\/www.cascade-seythenex.fr\">Grotte et Cascade<\/a> \u00e0 Faverges, avec deux tyroliennes et un parcours accrobranche.<\/h3>\n<\/div>\n<\/div><\/div><div id=\"panel-3108-1-0-1\" class=\"so-panel widget widget_sow-image\" data-index=\"2\" ><div\n\t\t\t\n\t\t\tclass=\"so-widget-sow-image so-widget-sow-image-default-8b5b6f678277-3108\"\n\t\t\t\n\t\t>\n<div class=\"sow-image-container\">\n\t\t<img \n\tsrc=\"https:\/\/www.mycanyon.fr\/wp-content\/uploads\/2021\/02\/Grotte-et-cascade-Faverges.jpg\" width=\"1457\" height=\"820\" srcset=\"https:\/\/www.mycanyon.fr\/wp-content\/uploads\/2021\/02\/Grotte-et-cascade-Faverges.jpg 1457w, https:\/\/www.mycanyon.fr\/wp-content\/uploads\/2021\/02\/Grotte-et-cascade-Faverges-300x169.jpg 300w, https:\/\/www.mycanyon.fr\/wp-content\/uploads\/2021\/02\/Grotte-et-cascade-Faverges-1024x576.jpg 1024w, https:\/\/www.mycanyon.fr\/wp-content\/uploads\/2021\/02\/Grotte-et-cascade-Faverges-768x432.jpg 768w, https:\/\/www.mycanyon.fr\/wp-content\/uploads\/2021\/02\/Grotte-et-cascade-Faverges-150x84.jpg 150w\" sizes=\"(max-width: 1457px) 100vw, 1457px\" alt=\"Grotte et cascade\" \t\tclass=\"so-widget-image\"\/>\n\t<\/div>\n\n<\/div><\/div><div id=\"panel-3108-1-0-2\" class=\"so-panel widget widget_sow-editor\" data-index=\"3\" ><div\n\t\t\t\n\t\t\tclass=\"so-widget-sow-editor so-widget-sow-editor-base\"\n\t\t\t\n\t\t>\n<div class=\"siteorigin-widget-tinymce textwidget\">\n\t<h3>Le <a href=\"http:\/\/www.parcdesbauges.com\/fr\/\">g\u00e9oparc du massif des Bauges<\/a><\/h3>\n<p style=\"text-align: left;\">\n<\/div>\n<\/div><\/div><div id=\"panel-3108-1-0-3\" class=\"so-panel widget widget_sow-image panel-last-child\" data-index=\"4\" ><div\n\t\t\t\n\t\t\tclass=\"so-widget-sow-image so-widget-sow-image-default-8b5b6f678277-3108\"\n\t\t\t\n\t\t>\n<div class=\"sow-image-container\">\n\t\t<img \n\tsrc=\"https:\/\/www.mycanyon.fr\/wp-content\/uploads\/2021\/03\/Parc-des-Bauges.jpg\" width=\"1899\" height=\"1062\" srcset=\"https:\/\/www.mycanyon.fr\/wp-content\/uploads\/2021\/03\/Parc-des-Bauges.jpg 1899w, https:\/\/www.mycanyon.fr\/wp-content\/uploads\/2021\/03\/Parc-des-Bauges-300x168.jpg 300w, https:\/\/www.mycanyon.fr\/wp-content\/uploads\/2021\/03\/Parc-des-Bauges-1024x573.jpg 1024w, https:\/\/www.mycanyon.fr\/wp-content\/uploads\/2021\/03\/Parc-des-Bauges-768x429.jpg 768w, https:\/\/www.mycanyon.fr\/wp-content\/uploads\/2021\/03\/Parc-des-Bauges-1536x859.jpg 1536w, https:\/\/www.mycanyon.fr\/wp-content\/uploads\/2021\/03\/Parc-des-Bauges-150x84.jpg 150w\" sizes=\"(max-width: 1899px) 100vw, 1899px\" alt=\"My canyon parc des bauges\" \t\tclass=\"so-widget-image\"\/>\n\t<\/div>\n\n<\/div><\/div><\/div><div id=\"pgc-3108-1-1\"  class=\"panel-grid-cell\" ><div id=\"panel-3108-1-1-0\" class=\"so-panel widget widget_sow-editor panel-first-child\" data-index=\"5\" ><div\n\t\t\t\n\t\t\tclass=\"so-widget-sow-editor so-widget-sow-editor-base\"\n\t\t\t\n\t\t>\n<div class=\"siteorigin-widget-tinymce textwidget\">\n\t<p>&nbsp;<\/p>\n<h3 style=\"text-align: justify;\"><a href=\"http:\/\/www.maison-de-marie.com\/\">La maison de Marie<\/a>, chambre d'h\u00f4te sur Doussard.<\/h3>\n<p>&nbsp;<\/p>\n<\/div>\n<\/div><\/div><div id=\"panel-3108-1-1-1\" class=\"so-panel widget widget_sow-image\" data-index=\"6\" ><div\n\t\t\t\n\t\t\tclass=\"so-widget-sow-image so-widget-sow-image-default-8b5b6f678277-3108\"\n\t\t\t\n\t\t>\n<div class=\"sow-image-container\">\n\t\t<img \n\tsrc=\"https:\/\/www.mycanyon.fr\/wp-content\/uploads\/2021\/02\/Maison-de-Marie-Doussard.jpg\" width=\"1478\" height=\"831\" srcset=\"https:\/\/www.mycanyon.fr\/wp-content\/uploads\/2021\/02\/Maison-de-Marie-Doussard.jpg 1478w, https:\/\/www.mycanyon.fr\/wp-content\/uploads\/2021\/02\/Maison-de-Marie-Doussard-300x169.jpg 300w, https:\/\/www.mycanyon.fr\/wp-content\/uploads\/2021\/02\/Maison-de-Marie-Doussard-1024x576.jpg 1024w, https:\/\/www.mycanyon.fr\/wp-content\/uploads\/2021\/02\/Maison-de-Marie-Doussard-768x432.jpg 768w, https:\/\/www.mycanyon.fr\/wp-content\/uploads\/2021\/02\/Maison-de-Marie-Doussard-150x84.jpg 150w\" sizes=\"(max-width: 1478px) 100vw, 1478px\" alt=\"Maison de Marie Doussard\" \t\tclass=\"so-widget-image\"\/>\n\t<\/div>\n\n<\/div><\/div><div id=\"panel-3108-1-1-2\" class=\"so-panel widget widget_sow-editor\" data-index=\"7\" ><div\n\t\t\t\n\t\t\tclass=\"so-widget-sow-editor so-widget-sow-editor-base\"\n\t\t\t\n\t\t>\n<div class=\"siteorigin-widget-tinymce textwidget\">\n\t<h1><a href=\"http:\/\/Les sources du lac d'Annecy\"><span style=\"font-size: 18pt;\">Les sources du lac d'Annecy<\/span><\/a><\/h1>\n<p style=\"text-align: left;\">\n<\/div>\n<\/div><\/div><div id=\"panel-3108-1-1-3\" class=\"so-panel widget widget_sow-image panel-last-child\" data-index=\"8\" ><div\n\t\t\t\n\t\t\tclass=\"so-widget-sow-image so-widget-sow-image-default-8b5b6f678277-3108\"\n\t\t\t\n\t\t>\n<div class=\"sow-image-container\">\n\t\t\t<a href=\"https:\/\/www.sources-lac-annecy.com\/\"\n\t\t\t\t\t>\n\t\t\t<img \n\tsrc=\"https:\/\/www.mycanyon.fr\/wp-content\/uploads\/2023\/02\/logo-sources-du-lac-dAnnecy.png\" width=\"350\" height=\"350\" srcset=\"https:\/\/www.mycanyon.fr\/wp-content\/uploads\/2023\/02\/logo-sources-du-lac-dAnnecy.png 350w, https:\/\/www.mycanyon.fr\/wp-content\/uploads\/2023\/02\/logo-sources-du-lac-dAnnecy-300x300.png 300w, https:\/\/www.mycanyon.fr\/wp-content\/uploads\/2023\/02\/logo-sources-du-lac-dAnnecy-150x150.png 150w, https:\/\/www.mycanyon.fr\/wp-content\/uploads\/2023\/02\/logo-sources-du-lac-dAnnecy-12x12.png 12w\" sizes=\"(max-width: 350px) 100vw, 350px\" title=\"logo sources du lac d&rsquo;Annecy\" alt=\"Activit\u00e9s aux sources du lac d&#039;Annecy\" \t\tclass=\"so-widget-image\"\/>\n\t\t\t<\/a><\/div>\n\n<\/div><\/div><\/div><div id=\"pgc-3108-1-2\"  class=\"panel-grid-cell\" ><div id=\"panel-3108-1-2-0\" class=\"so-panel widget widget_sow-editor panel-first-child\" data-index=\"9\" ><div\n\t\t\t\n\t\t\tclass=\"so-widget-sow-editor so-widget-sow-editor-base\"\n\t\t\t\n\t\t>\n<div class=\"siteorigin-widget-tinymce textwidget\">\n\t<p>&nbsp;<\/p>\n<h3 style=\"text-align: justify;\">Le <a href=\"https:\/\/musee-paccard.com\/\">mus\u00e9e de la cloche PACCARD.<\/a><\/h3>\n<\/div>\n<\/div><\/div><div id=\"panel-3108-1-2-1\" class=\"so-panel widget widget_sow-image panel-last-child\" data-index=\"10\" ><div\n\t\t\t\n\t\t\tclass=\"so-widget-sow-image so-widget-sow-image-default-8b5b6f678277-3108\"\n\t\t\t\n\t\t>\n<div class=\"sow-image-container\">\n\t\t<img \n\tsrc=\"https:\/\/www.mycanyon.fr\/wp-content\/uploads\/2021\/02\/Affiche-PACCARD-BAT1.jpeg\" width=\"914\" height=\"1280\" srcset=\"https:\/\/www.mycanyon.fr\/wp-content\/uploads\/2021\/02\/Affiche-PACCARD-BAT1.jpeg 914w, https:\/\/www.mycanyon.fr\/wp-content\/uploads\/2021\/02\/Affiche-PACCARD-BAT1-214x300.jpeg 214w, https:\/\/www.mycanyon.fr\/wp-content\/uploads\/2021\/02\/Affiche-PACCARD-BAT1-731x1024.jpeg 731w, https:\/\/www.mycanyon.fr\/wp-content\/uploads\/2021\/02\/Affiche-PACCARD-BAT1-768x1076.jpeg 768w, https:\/\/www.mycanyon.fr\/wp-content\/uploads\/2021\/02\/Affiche-PACCARD-BAT1-107x150.jpeg 107w\" sizes=\"(max-width: 914px) 100vw, 914px\" title=\"Affiche PACCARD\" alt=\"mus\u00e9e paccard\" \t\tclass=\"so-widget-image\"\/>\n\t<\/div>\n\n<\/div><\/div><\/div><\/div><div id=\"pg-3108-2\"  class=\"panel-grid panel-no-style\" ><div id=\"pgc-3108-2-0\"  class=\"panel-grid-cell panel-grid-cell-empty panel-grid-cell-mobile-last\" ><\/div><div id=\"pgc-3108-2-1\"  class=\"panel-grid-cell panel-grid-cell-empty\" ><\/div><\/div><div id=\"pg-3108-3\"  class=\"panel-grid panel-no-style\" ><div id=\"pgc-3108-3-0\"  class=\"panel-grid-cell panel-grid-cell-empty\" ><\/div><div id=\"pgc-3108-3-1\"  class=\"panel-grid-cell panel-grid-cell-empty\" ><\/div><div id=\"pgc-3108-3-2\"  class=\"panel-grid-cell\" ><div id=\"panel-3108-3-2-0\" class=\"so-panel widget widget_sow-button panel-first-child panel-last-child\" data-index=\"11\" ><div\n\t\t\t\n\t\t\tclass=\"so-widget-sow-button so-widget-sow-button-atom-f54c0409268f-3108\"\n\t\t\t\n\t\t><div class=\"ow-button-base ow-button-align-center\"\n>\n\t\t\t<a\n\t\t\t\t\thref=\"http:\/\/www.mycanyon.fr\/en\/\"\n\t\t\t\t\tclass=\"sowb-button ow-icon-placement-left ow-button-hover\" \t>\n\t\t<span>\n\t\t\t\n\t\t\tPage d'accueil\t\t<\/span>\n\t\t\t<\/a>\n\t<\/div>\n<\/div><\/div><\/div><div id=\"pgc-3108-3-3\"  class=\"panel-grid-cell panel-grid-cell-empty panel-grid-cell-mobile-last\" ><\/div><div id=\"pgc-3108-3-4\"  class=\"panel-grid-cell panel-grid-cell-empty\" ><\/div><\/div><\/div>","protected":false},"excerpt":{"rendered":"<p>Tout d&rsquo;abord, un grand \u00ab\u00a0Merci\u00a0\u00bb \u00e0 tous mes partenaires pour votre soutien dans mes projets ! Le site de Grotte et Cascade \u00e0 Faverges, avec deux tyroliennes et un parcours accrobranche. Le g\u00e9oparc du massif des Bauges &nbsp; La maison de Marie, chambre d&rsquo;h\u00f4te sur Doussard. &nbsp; Les sources du\u2026<\/p>\n<p class=\"continue-reading-button\"> <a class=\"continue-reading-link\" href=\"https:\/\/www.mycanyon.fr\/en\/partenaire-my-canyon-lac-annecy\/\">Continuer \u00e0 lire<i class=\"crycon-right-dir\"><\/i><\/a><\/p>","protected":false},"author":3,"featured_media":0,"parent":0,"menu_order":0,"comment_status":"closed","ping_status":"closed","template":"","meta":{"footnotes":""},"class_list":["post-3108","page","type-page","status-publish","hentry"],"yoast_head":"<!-- This site is optimized with the Yoast SEO plugin v27.5 - https:\/\/yoast.com\/product\/yoast-seo-wordpress\/ -->\n<title>Partenaires de My Canyon au lac d&#039;Annecy - Devenez partenaire !<\/title>\n<meta name=\"description\" content=\"D\u00e9couvrez tous les partenaires de My Canyon autour du lac d&#039;Annecy ! Vous souhaitez devenir partenaire, contactez moi sur info@mycanyon.fr\" \/>\n<meta name=\"robots\" content=\"index, follow, max-snippet:-1, max-image-preview:large, max-video-preview:-1\" \/>\n<link rel=\"canonical\" href=\"https:\/\/www.mycanyon.fr\/en\/partenaire-my-canyon-lac-annecy\/\" \/>\n<meta property=\"og:locale\" content=\"en_GB\" \/>\n<meta property=\"og:type\" content=\"article\" \/>\n<meta property=\"og:title\" content=\"Partenaires de My Canyon au lac d&#039;Annecy - Devenez partenaire !\" \/>\n<meta property=\"og:description\" content=\"D\u00e9couvrez tous les partenaires de My Canyon autour du lac d&#039;Annecy ! Vous souhaitez devenir partenaire, contactez moi sur info@mycanyon.fr\" \/>\n<meta property=\"og:url\" content=\"https:\/\/www.mycanyon.fr\/en\/partenaire-my-canyon-lac-annecy\/\" \/>\n<meta property=\"og:site_name\" content=\"MY CANYON - Canyoning au lac d&#039;Annecy\" \/>\n<meta property=\"article:publisher\" content=\"http:\/\/www.facebook.com\/annecy.canyon\/\" \/>\n<meta property=\"article:modified_time\" content=\"2023-02-03T18:36:28+00:00\" \/>\n<meta name=\"twitter:card\" content=\"summary_large_image\" \/>\n<meta name=\"twitter:label1\" content=\"Estimated reading time\" \/>\n\t<meta name=\"twitter:data1\" content=\"1 minute\" \/>\n<script type=\"application\/ld+json\" class=\"yoast-schema-graph\">{\"@context\":\"https:\\\/\\\/schema.org\",\"@graph\":[{\"@type\":\"WebPage\",\"@id\":\"https:\\\/\\\/www.mycanyon.fr\\\/partenaire-my-canyon-lac-annecy\\\/\",\"url\":\"https:\\\/\\\/www.mycanyon.fr\\\/partenaire-my-canyon-lac-annecy\\\/\",\"name\":\"Partenaires de My Canyon au lac d'Annecy - Devenez partenaire !\",\"isPartOf\":{\"@id\":\"https:\\\/\\\/www.mycanyon.fr\\\/#website\"},\"datePublished\":\"2020-04-24T08:50:09+00:00\",\"dateModified\":\"2023-02-03T18:36:28+00:00\",\"description\":\"D\u00e9couvrez tous les partenaires de My Canyon autour du lac d'Annecy ! Vous souhaitez devenir partenaire, contactez moi sur info@mycanyon.fr\",\"breadcrumb\":{\"@id\":\"https:\\\/\\\/www.mycanyon.fr\\\/partenaire-my-canyon-lac-annecy\\\/#breadcrumb\"},\"inLanguage\":\"en-GB\",\"potentialAction\":[{\"@type\":\"ReadAction\",\"target\":[\"https:\\\/\\\/www.mycanyon.fr\\\/partenaire-my-canyon-lac-annecy\\\/\"]}]},{\"@type\":\"BreadcrumbList\",\"@id\":\"https:\\\/\\\/www.mycanyon.fr\\\/partenaire-my-canyon-lac-annecy\\\/#breadcrumb\",\"itemListElement\":[{\"@type\":\"ListItem\",\"position\":1,\"name\":\"Accueil\",\"item\":\"https:\\\/\\\/www.mycanyon.fr\\\/\"},{\"@type\":\"ListItem\",\"position\":2,\"name\":\"Partenaires de My Canyon au lac d&rsquo;Annecy\"}]},{\"@type\":\"WebSite\",\"@id\":\"https:\\\/\\\/www.mycanyon.fr\\\/#website\",\"url\":\"https:\\\/\\\/www.mycanyon.fr\\\/\",\"name\":\"MY CANYON - Canyoning au lac d&#039;Annecy\",\"description\":\"L&#039;exp\u00e9rience unique du canyoning - Fun &amp; Ludique\",\"publisher\":{\"@id\":\"https:\\\/\\\/www.mycanyon.fr\\\/#organization\"},\"potentialAction\":[{\"@type\":\"SearchAction\",\"target\":{\"@type\":\"EntryPoint\",\"urlTemplate\":\"https:\\\/\\\/www.mycanyon.fr\\\/?s={search_term_string}\"},\"query-input\":{\"@type\":\"PropertyValueSpecification\",\"valueRequired\":true,\"valueName\":\"search_term_string\"}}],\"inLanguage\":\"en-GB\"},{\"@type\":\"Organization\",\"@id\":\"https:\\\/\\\/www.mycanyon.fr\\\/#organization\",\"name\":\"MY CANYON\",\"url\":\"https:\\\/\\\/www.mycanyon.fr\\\/\",\"logo\":{\"@type\":\"ImageObject\",\"inLanguage\":\"en-GB\",\"@id\":\"https:\\\/\\\/www.mycanyon.fr\\\/#\\\/schema\\\/logo\\\/image\\\/\",\"url\":\"https:\\\/\\\/www.mycanyon.fr\\\/wp-content\\\/uploads\\\/2018\\\/03\\\/logo-mycanyon-png.png\",\"contentUrl\":\"https:\\\/\\\/www.mycanyon.fr\\\/wp-content\\\/uploads\\\/2018\\\/03\\\/logo-mycanyon-png.png\",\"width\":510,\"height\":283,\"caption\":\"MY CANYON\"},\"image\":{\"@id\":\"https:\\\/\\\/www.mycanyon.fr\\\/#\\\/schema\\\/logo\\\/image\\\/\"},\"sameAs\":[\"http:\\\/\\\/www.facebook.com\\\/annecy.canyon\\\/\",\"https:\\\/\\\/www.instagram.com\\\/my_canyon\\\/\",\"https:\\\/\\\/www.linkedin.com\\\/in\\\/r\u00e9my-vilanova-guide-canyoning\\\/\",\"https:\\\/\\\/www.youtube.com\\\/channel\\\/UCRILRMSQGoLIoT9EeJXn-Sg\"]}]}<\/script>\n<!-- \/ Yoast SEO plugin. -->","yoast_head_json":{"title":"Partenaires de My Canyon au lac d'Annecy - Devenez partenaire !","description":"D\u00e9couvrez tous les partenaires de My Canyon autour du lac d'Annecy ! Vous souhaitez devenir partenaire, contactez moi sur info@mycanyon.fr","robots":{"index":"index","follow":"follow","max-snippet":"max-snippet:-1","max-image-preview":"max-image-preview:large","max-video-preview":"max-video-preview:-1"},"canonical":"https:\/\/www.mycanyon.fr\/en\/partenaire-my-canyon-lac-annecy\/","og_locale":"en_GB","og_type":"article","og_title":"Partenaires de My Canyon au lac d'Annecy - Devenez partenaire !","og_description":"D\u00e9couvrez tous les partenaires de My Canyon autour du lac d'Annecy ! Vous souhaitez devenir partenaire, contactez moi sur info@mycanyon.fr","og_url":"https:\/\/www.mycanyon.fr\/en\/partenaire-my-canyon-lac-annecy\/","og_site_name":"MY CANYON - Canyoning au lac d&#039;Annecy","article_publisher":"http:\/\/www.facebook.com\/annecy.canyon\/","article_modified_time":"2023-02-03T18:36:28+00:00","twitter_card":"summary_large_image","twitter_misc":{"Estimated reading time":"1 minute"},"schema":{"@context":"https:\/\/schema.org","@graph":[{"@type":"WebPage","@id":"https:\/\/www.mycanyon.fr\/partenaire-my-canyon-lac-annecy\/","url":"https:\/\/www.mycanyon.fr\/partenaire-my-canyon-lac-annecy\/","name":"Partenaires de My Canyon au lac d'Annecy - Devenez partenaire !","isPartOf":{"@id":"https:\/\/www.mycanyon.fr\/#website"},"datePublished":"2020-04-24T08:50:09+00:00","dateModified":"2023-02-03T18:36:28+00:00","description":"D\u00e9couvrez tous les partenaires de My Canyon autour du lac d'Annecy ! Vous souhaitez devenir partenaire, contactez moi sur info@mycanyon.fr","breadcrumb":{"@id":"https:\/\/www.mycanyon.fr\/partenaire-my-canyon-lac-annecy\/#breadcrumb"},"inLanguage":"en-GB","potentialAction":[{"@type":"ReadAction","target":["https:\/\/www.mycanyon.fr\/partenaire-my-canyon-lac-annecy\/"]}]},{"@type":"BreadcrumbList","@id":"https:\/\/www.mycanyon.fr\/partenaire-my-canyon-lac-annecy\/#breadcrumb","itemListElement":[{"@type":"ListItem","position":1,"name":"Accueil","item":"https:\/\/www.mycanyon.fr\/"},{"@type":"ListItem","position":2,"name":"Partenaires de My Canyon au lac d&rsquo;Annecy"}]},{"@type":"WebSite","@id":"https:\/\/www.mycanyon.fr\/#website","url":"https:\/\/www.mycanyon.fr\/","name":"MY CANYON - Canyoning au lac d&#039;Annecy","description":"L&#039;exp\u00e9rience unique du canyoning - Fun &amp; Ludique","publisher":{"@id":"https:\/\/www.mycanyon.fr\/#organization"},"potentialAction":[{"@type":"SearchAction","target":{"@type":"EntryPoint","urlTemplate":"https:\/\/www.mycanyon.fr\/?s={search_term_string}"},"query-input":{"@type":"PropertyValueSpecification","valueRequired":true,"valueName":"search_term_string"}}],"inLanguage":"en-GB"},{"@type":"Organization","@id":"https:\/\/www.mycanyon.fr\/#organization","name":"MY CANYON","url":"https:\/\/www.mycanyon.fr\/","logo":{"@type":"ImageObject","inLanguage":"en-GB","@id":"https:\/\/www.mycanyon.fr\/#\/schema\/logo\/image\/","url":"https:\/\/www.mycanyon.fr\/wp-content\/uploads\/2018\/03\/logo-mycanyon-png.png","contentUrl":"https:\/\/www.mycanyon.fr\/wp-content\/uploads\/2018\/03\/logo-mycanyon-png.png","width":510,"height":283,"caption":"MY CANYON"},"image":{"@id":"https:\/\/www.mycanyon.fr\/#\/schema\/logo\/image\/"},"sameAs":["http:\/\/www.facebook.com\/annecy.canyon\/","https:\/\/www.instagram.com\/my_canyon\/","https:\/\/www.linkedin.com\/in\/r\u00e9my-vilanova-guide-canyoning\/","https:\/\/www.youtube.com\/channel\/UCRILRMSQGoLIoT9EeJXn-Sg"]}]}},"_links":{"self":[{"href":"https:\/\/www.mycanyon.fr\/en\/wp-json\/wp\/v2\/pages\/3108","targetHints":{"allow":["GET"]}}],"collection":[{"href":"https:\/\/www.mycanyon.fr\/en\/wp-json\/wp\/v2\/pages"}],"about":[{"href":"https:\/\/www.mycanyon.fr\/en\/wp-json\/wp\/v2\/types\/page"}],"author":[{"embeddable":true,"href":"https:\/\/www.mycanyon.fr\/en\/wp-json\/wp\/v2\/users\/3"}],"replies":[{"embeddable":true,"href":"https:\/\/www.mycanyon.fr\/en\/wp-json\/wp\/v2\/comments?post=3108"}],"version-history":[{"count":36,"href":"https:\/\/www.mycanyon.fr\/en\/wp-json\/wp\/v2\/pages\/3108\/revisions"}],"predecessor-version":[{"id":7950,"href":"https:\/\/www.mycanyon.fr\/en\/wp-json\/wp\/v2\/pages\/3108\/revisions\/7950"}],"wp:attachment":[{"href":"https:\/\/www.mycanyon.fr\/en\/wp-json\/wp\/v2\/media?parent=3108"}],"curies":[{"name":"wp","href":"https:\/\/api.w.org\/{rel}","templated":true}]}}